{"id":10,"date":"2024-05-29T09:35:54","date_gmt":"2024-05-29T09:35:54","guid":{"rendered":"https:\/\/xn--amlpitjcy-h4a.fr\/?page_id=10"},"modified":"2024-08-07T06:51:36","modified_gmt":"2024-08-07T06:51:36","slug":"la-protection-des-donnees","status":"publish","type":"page","link":"https:\/\/xn--amlpitjcy-h4a.fr\/index.php\/la-protection-des-donnees\/","title":{"rendered":"Accompagnement sur la protection des donn\u00e9es, RGPD"},"content":{"rendered":"\n<div class=\"wp-block-group alignfull has-custom-couleur-1-gradient-background has-background has-global-padding is-layout-constrained wp-container-core-group-is-layout-669513ed wp-block-group-is-layout-constrained\" style=\"margin-top:0;margin-bottom:0;padding-top:var(--wp--preset--spacing--50);padding-right:var(--wp--preset--spacing--50);padding-bottom:var(--wp--preset--spacing--50);padding-left:var(--wp--preset--spacing--50)\">\n<div class=\"wp-block-columns alignwide is-layout-flex wp-container-core-columns-is-layout-28f84493 wp-block-columns-is-layout-flex\">\n<div class=\"wp-block-column is-layout-flow wp-block-column-is-layout-flow\" style=\"flex-basis:40%\">\n<h2 class=\"wp-block-heading\"><strong>Droits et obligations en mati\u00e8re de protection des donn\u00e9es<\/strong><\/h2>\n<\/div>\n\n\n\n<div class=\"wp-block-column is-layout-flow wp-block-column-is-layout-flow\" style=\"flex-basis:60%\">\n<p class=\"has-heading-font-family has-medium-font-size\" style=\"line-height:1.2\">Le <strong>r\u00e8glement g\u00e9n\u00e9ral sur la protection<\/strong> des <strong>donn\u00e9es \u00e0 caract\u00e8re personnel<\/strong> (RGPD) est un ensemble de r\u00e8gles visant \u00e0 assurer la <strong>protection des donn\u00e9es personnelles<\/strong> des individus au sein de l\u2019Union europ\u00e9enne. Il r\u00e9git le <strong>traitement des donn\u00e9es<\/strong> \u00e0 caract\u00e8re personnel, ainsi que leur <strong>conservation<\/strong>, <strong>transfert<\/strong> et <strong>s\u00e9curit\u00e9<\/strong>. Les entreprises doivent se conformer au RGPD et d\u00e9signer un <strong>d\u00e9l\u00e9gu\u00e9 \u00e0 la protection<\/strong> des donn\u00e9es pour veiller au respect de ces r\u00e8gles. En cas de <strong>violation de donn\u00e9es<\/strong> \u00e0 caract\u00e8re personnel, elles doivent notifier l\u2019autorit\u00e9 de contr\u00f4le comp\u00e9tente, comme la <strong>CNIL<\/strong>, dans les meilleurs d\u00e9lais.<\/p>\n<\/div>\n<\/div>\n\n\n\n<div style=\"height:var(--wp--preset--spacing--40)\" aria-hidden=\"true\" class=\"wp-block-spacer\"><\/div>\n\n\n\n<figure class=\"wp-block-image alignwide size-large is-style-rounded is-style-rounded--1\"><img loading=\"lazy\" decoding=\"async\" width=\"1024\" height=\"358\" src=\"https:\/\/xn--amlpitjcy-h4a.fr\/wp-content\/uploads\/2024\/05\/pexels-artunchained-325229-2-1024x358.webp\" alt=\"\" class=\"wp-image-59\" srcset=\"https:\/\/xn--amlpitjcy-h4a.fr\/wp-content\/uploads\/2024\/05\/pexels-artunchained-325229-2-1024x358.webp 1024w, https:\/\/xn--amlpitjcy-h4a.fr\/wp-content\/uploads\/2024\/05\/pexels-artunchained-325229-2-300x105.webp 300w, https:\/\/xn--amlpitjcy-h4a.fr\/wp-content\/uploads\/2024\/05\/pexels-artunchained-325229-2-768x269.webp 768w, https:\/\/xn--amlpitjcy-h4a.fr\/wp-content\/uploads\/2024\/05\/pexels-artunchained-325229-2.webp 1280w\" sizes=\"auto, (max-width: 1024px) 100vw, 1024px\" \/><\/figure>\n<\/div>\n\n\n\n<div class=\"wp-block-group alignfull has-base-background-color has-background has-global-padding is-layout-constrained wp-container-core-group-is-layout-d89aad35 wp-block-group-is-layout-constrained\" style=\"margin-top:0;margin-bottom:0;padding-top:var(--wp--preset--spacing--50);padding-right:var(--wp--preset--spacing--50);padding-bottom:var(--wp--preset--spacing--50);padding-left:var(--wp--preset--spacing--50)\">\n<div class=\"wp-block-columns alignwide is-layout-flex wp-container-core-columns-is-layout-549b0c86 wp-block-columns-is-layout-flex\">\n<div class=\"wp-block-column has-global-padding is-content-justification-left is-layout-constrained wp-container-core-column-is-layout-4f15e8fe wp-block-column-is-layout-constrained\" style=\"flex-basis:40%\">\n<h3 class=\"wp-block-heading\">Prot\u00e9ger vos informations<\/h3>\n<\/div>\n\n\n\n<div class=\"wp-block-column is-layout-flow wp-container-core-column-is-layout-119bc444 wp-block-column-is-layout-flow\" style=\"flex-basis:60%\">\n<p class=\"has-heading-font-family has-medium-font-size\" style=\"line-height:1.2\">Les individus disposent \u00e9galement de droits en <strong>mati\u00e8re de protection de<\/strong> leurs informations, tels que le droit d\u2019acc\u00e8s et de rectification de leurs donn\u00e9es, le droit \u00e0 la portabilit\u00e9 des donn\u00e9es ou encore le droit \u00e0 l\u2019oubli. Ils peuvent \u00e9galement demander \u00e0 limiter le <strong>traitement de donn\u00e9es<\/strong> sensibles les concernant, notamment en ce qui concerne les <strong>traitements de donn\u00e9es<\/strong> automatis\u00e9s. Toute <strong>violation de donn\u00e9es<\/strong> \u00e0 caract\u00e8re personnel doit \u00eatre trait\u00e9e avec s\u00e9rieux, afin de limiter l\u2019<strong>impact relatif \u00e0 la protection<\/strong> des individus concern\u00e9s.<\/p>\n<\/div>\n<\/div>\n<\/div>\n\n\n\n<div class=\"wp-block-group alignfull has-base-2-color has-custom-couleur-1-gradient-background has-text-color has-background has-link-color wp-elements-851cdbf0fc3732b0dbaea08b107cdc2e has-global-padding is-layout-constrained wp-container-core-group-is-layout-facafb6f wp-block-group-is-layout-constrained\" style=\"margin-top:0;margin-bottom:0;padding-top:var(--wp--preset--spacing--50);padding-right:var(--wp--preset--spacing--50);padding-bottom:var(--wp--preset--spacing--50);padding-left:var(--wp--preset--spacing--50)\">\n<div class=\"wp-block-columns alignwide is-layout-flex wp-container-core-columns-is-layout-d1c656ed wp-block-columns-is-layout-flex\">\n<div class=\"wp-block-column is-vertically-aligned-stretch is-layout-flow wp-block-column-is-layout-flow\" style=\"padding-right:0;flex-basis:60%\">\n<div class=\"wp-block-group is-vertical is-content-justification-stretch is-layout-flex wp-container-core-group-is-layout-ae24f51d wp-block-group-is-layout-flex\" style=\"min-height:100%\">\n<h2 class=\"wp-block-heading has-base-2-color has-text-color has-link-color wp-elements-113eb68b603e0d26a2de303be71058bd\"><strong>Tout ce que vous devez savoir sur le RGPD<\/strong><\/h2>\n\n\n\n<figure class=\"wp-block-image size-large is-style-rounded is-style-rounded--2\"><img loading=\"lazy\" decoding=\"async\" width=\"1024\" height=\"684\" src=\"https:\/\/xn--amlpitjcy-h4a.fr\/wp-content\/uploads\/2024\/05\/pexels-cookiecutter-1148820-3-1024x684.webp\" alt=\"\" class=\"wp-image-65\" style=\"aspect-ratio:9\/16;object-fit:cover\" srcset=\"https:\/\/xn--amlpitjcy-h4a.fr\/wp-content\/uploads\/2024\/05\/pexels-cookiecutter-1148820-3-1024x684.webp 1024w, https:\/\/xn--amlpitjcy-h4a.fr\/wp-content\/uploads\/2024\/05\/pexels-cookiecutter-1148820-3-300x200.webp 300w, https:\/\/xn--amlpitjcy-h4a.fr\/wp-content\/uploads\/2024\/05\/pexels-cookiecutter-1148820-3-768x513.webp 768w, https:\/\/xn--amlpitjcy-h4a.fr\/wp-content\/uploads\/2024\/05\/pexels-cookiecutter-1148820-3-1536x1026.webp 1536w, https:\/\/xn--amlpitjcy-h4a.fr\/wp-content\/uploads\/2024\/05\/pexels-cookiecutter-1148820-3.webp 1920w\" sizes=\"auto, (max-width: 1024px) 100vw, 1024px\" \/><\/figure>\n\n\n\n<p>La <strong>s\u00e9curit\u00e9 des donn\u00e9es<\/strong> et la <strong>portabilit\u00e9 des donn\u00e9es<\/strong> doivent \u00eatre prises en compte \u00e0 tout moment, afin de prot\u00e9ger <strong>les donn\u00e9es sensibles<\/strong> et de garantir <a href=\"https:\/\/www.economie.gouv.fr\/apie\/propriete-intellectuelle-publications\/utiliser-oeuvre-dans-respect-droit-moral-auteur\">le respect des droits<\/a> des individus \u00e0 l\u2019\u00e9gard du traitement des donn\u00e9es.<\/p>\n\n\n\n<p>Les entreprises doivent \u00e9galement se pr\u00e9parer \u00e0 g\u00e9rer les <strong>violations de donn\u00e9es \u00e0 caract\u00e8re<\/strong> personnel, en mettant en place des plans d\u2019action pour r\u00e9agir rapidement en cas d\u2019incident. Un bon contr\u00f4le sur le <strong>flux des donn\u00e9es<\/strong> et sur le traitement des donn\u00e9es \u00e0 caract\u00e8re personnel est essentiel pour assurer la <strong>conformit\u00e9 au RGPD<\/strong> et pour \u00e9viter tout <strong>impact relatif \u00e0 la protection<\/strong> des donn\u00e9es personnelles.<\/p>\n<\/div>\n<\/div>\n\n\n\n<div class=\"wp-block-column is-layout-flow wp-block-column-is-layout-flow\" style=\"flex-basis:40%\">\n<div class=\"wp-block-group has-global-padding is-layout-constrained wp-block-group-is-layout-constrained\">\n<p class=\"has-medium-font-size\">Assurer le contr\u00f4le des donn\u00e9es personnelles est une responsabilit\u00e9 cruciale pour toute organisation qui traite des <strong>donn\u00e9es \u00e0 caract\u00e8re personnel<\/strong>. Avec l\u2019entr\u00e9e en vigueur du RGPD, les entreprises doivent garantir la surveillance des donn\u00e9es personnelles de leurs clients. Cela inclut le <strong>traitement de donn\u00e9es<\/strong>, la <strong>conservation des donn\u00e9es<\/strong> et le <strong>transfert de donn\u00e9es<\/strong> en toute s\u00e9curit\u00e9. Pour \u00eatre en conformit\u00e9 avec le RGPD, il est essentiel d\u2019avoir un <strong>d\u00e9l\u00e9gu\u00e9 \u00e0 la protection<\/strong> des donn\u00e9es et de mettre en place des mesures pour pr\u00e9venir toute <strong>violation de donn\u00e9es<\/strong> \u00e0 caract\u00e8re personnel.<\/p>\n\n\n\n<div style=\"height:var(--wp--preset--spacing--40)\" aria-hidden=\"true\" class=\"wp-block-spacer\"><\/div>\n\n\n\n<div class=\"wp-block-group is-layout-flow wp-block-group-is-layout-flow\">\n<p class=\"has-medium-font-size\">Un guide pratique sur la RGPD peut aider les entreprises \u00e0 comprendre leurs <strong>obligations en mati\u00e8re de protection<\/strong> des donn\u00e9es et \u00e0 mettre en place <a href=\"https:\/\/xn--amlpitjcy-h4a.fr\/index.php\/la-protection-des-donnees\/\">les bonnes pratiques<\/a> pour <strong>traiter les donn\u00e9es<\/strong> de mani\u00e8re s\u00e9curis\u00e9e<\/p>\n\n\n\n<figure class=\"wp-block-image size-large is-style-rounded is-style-rounded--3\"><img loading=\"lazy\" decoding=\"async\" width=\"1024\" height=\"768\" src=\"https:\/\/xn--amlpitjcy-h4a.fr\/wp-content\/uploads\/2024\/05\/pexels-energepic-com-27411-175045-3-1024x768.webp\" alt=\"Protection de mes donn\u00e9es\" class=\"wp-image-64\" style=\"aspect-ratio:9\/16;object-fit:cover\" srcset=\"https:\/\/xn--amlpitjcy-h4a.fr\/wp-content\/uploads\/2024\/05\/pexels-energepic-com-27411-175045-3-1024x768.webp 1024w, https:\/\/xn--amlpitjcy-h4a.fr\/wp-content\/uploads\/2024\/05\/pexels-energepic-com-27411-175045-3-300x225.webp 300w, https:\/\/xn--amlpitjcy-h4a.fr\/wp-content\/uploads\/2024\/05\/pexels-energepic-com-27411-175045-3-768x576.webp 768w, https:\/\/xn--amlpitjcy-h4a.fr\/wp-content\/uploads\/2024\/05\/pexels-energepic-com-27411-175045-3-1536x1152.webp 1536w, https:\/\/xn--amlpitjcy-h4a.fr\/wp-content\/uploads\/2024\/05\/pexels-energepic-com-27411-175045-3.webp 1920w\" sizes=\"auto, (max-width: 1024px) 100vw, 1024px\" \/><\/figure>\n<\/div>\n<\/div>\n<\/div>\n<\/div>\n<\/div>\n","protected":false},"excerpt":{"rendered":"<p>Droits et obligations en mati\u00e8re de protection des donn\u00e9es Le r\u00e8glement g\u00e9n\u00e9ral sur la protection des donn\u00e9es \u00e0 caract\u00e8re personnel (RGPD) est un ensemble de r\u00e8gles visant \u00e0 assurer la protection des donn\u00e9es personnelles des individus au sein de l\u2019Union europ\u00e9enne. Il r\u00e9git le traitement des donn\u00e9es \u00e0 caract\u00e8re personnel, ainsi que leur conservation, transfert [&hellip;]<\/p>\n","protected":false},"author":1,"featured_media":0,"parent":0,"menu_order":0,"comment_status":"closed","ping_status":"closed","template":"","meta":{"footnotes":""},"class_list":["post-10","page","type-page","status-publish","hentry"],"yoast_head":"<!-- This site is optimized with the Yoast SEO plugin v27.4 - https:\/\/yoast.com\/product\/yoast-seo-wordpress\/ -->\n<title>Accompagnement sur la protection des donn\u00e9es, RGPD - Amlpitj\u00e9cy<\/title>\n<meta name=\"description\" content=\"Amlpitj\u00e9cy vous acompagne dans la protection des donn\u00e9es. Prot\u00e9gez vos donn\u00e9es et appliquer les normes RGPD \u00e0 vous et vos clients.\" \/>\n<meta name=\"robots\" content=\"index, follow, max-snippet:-1, max-image-preview:large, max-video-preview:-1\" \/>\n<link rel=\"canonical\" href=\"https:\/\/xn--amlpitjcy-h4a.fr\/index.php\/la-protection-des-donnees\/\" \/>\n<meta property=\"og:locale\" content=\"fr_FR\" \/>\n<meta property=\"og:type\" content=\"article\" \/>\n<meta property=\"og:title\" content=\"Accompagnement sur la protection des donn\u00e9es, RGPD - Amlpitj\u00e9cy\" \/>\n<meta property=\"og:description\" content=\"Amlpitj\u00e9cy vous acompagne dans la protection des donn\u00e9es. Prot\u00e9gez vos donn\u00e9es et appliquer les normes RGPD \u00e0 vous et vos clients.\" \/>\n<meta property=\"og:url\" content=\"https:\/\/xn--amlpitjcy-h4a.fr\/index.php\/la-protection-des-donnees\/\" \/>\n<meta property=\"og:site_name\" content=\"Amlpitj\u00e9cy\" \/>\n<meta property=\"article:modified_time\" content=\"2024-08-07T06:51:36+00:00\" \/>\n<meta property=\"og:image\" content=\"https:\/\/xn--amlpitjcy-h4a.fr\/wp-content\/uploads\/2024\/05\/pexels-artunchained-325229-2-1024x358.webp\" \/>\n<meta name=\"twitter:card\" content=\"summary_large_image\" \/>\n<meta name=\"twitter:label1\" content=\"Dur\u00e9e de lecture estim\u00e9e\" \/>\n\t<meta name=\"twitter:data1\" content=\"3 minutes\" \/>\n<script type=\"application\/ld+json\" class=\"yoast-schema-graph\">{\"@context\":\"https:\\\/\\\/schema.org\",\"@graph\":[{\"@type\":\"WebPage\",\"@id\":\"https:\\\/\\\/xn--amlpitjcy-h4a.fr\\\/index.php\\\/la-protection-des-donnees\\\/\",\"url\":\"https:\\\/\\\/xn--amlpitjcy-h4a.fr\\\/index.php\\\/la-protection-des-donnees\\\/\",\"name\":\"Accompagnement sur la protection des donn\u00e9es, RGPD - Amlpitj\u00e9cy\",\"isPartOf\":{\"@id\":\"https:\\\/\\\/xn--amlpitjcy-h4a.fr\\\/#website\"},\"primaryImageOfPage\":{\"@id\":\"https:\\\/\\\/xn--amlpitjcy-h4a.fr\\\/index.php\\\/la-protection-des-donnees\\\/#primaryimage\"},\"image\":{\"@id\":\"https:\\\/\\\/xn--amlpitjcy-h4a.fr\\\/index.php\\\/la-protection-des-donnees\\\/#primaryimage\"},\"thumbnailUrl\":\"https:\\\/\\\/xn--amlpitjcy-h4a.fr\\\/wp-content\\\/uploads\\\/2024\\\/05\\\/pexels-artunchained-325229-2-1024x358.webp\",\"datePublished\":\"2024-05-29T09:35:54+00:00\",\"dateModified\":\"2024-08-07T06:51:36+00:00\",\"description\":\"Amlpitj\u00e9cy vous acompagne dans la protection des donn\u00e9es. Prot\u00e9gez vos donn\u00e9es et appliquer les normes RGPD \u00e0 vous et vos clients.\",\"breadcrumb\":{\"@id\":\"https:\\\/\\\/xn--amlpitjcy-h4a.fr\\\/index.php\\\/la-protection-des-donnees\\\/#breadcrumb\"},\"inLanguage\":\"fr-FR\",\"potentialAction\":[{\"@type\":\"ReadAction\",\"target\":[\"https:\\\/\\\/xn--amlpitjcy-h4a.fr\\\/index.php\\\/la-protection-des-donnees\\\/\"]}]},{\"@type\":\"ImageObject\",\"inLanguage\":\"fr-FR\",\"@id\":\"https:\\\/\\\/xn--amlpitjcy-h4a.fr\\\/index.php\\\/la-protection-des-donnees\\\/#primaryimage\",\"url\":\"https:\\\/\\\/xn--amlpitjcy-h4a.fr\\\/wp-content\\\/uploads\\\/2024\\\/05\\\/pexels-artunchained-325229-2.webp\",\"contentUrl\":\"https:\\\/\\\/xn--amlpitjcy-h4a.fr\\\/wp-content\\\/uploads\\\/2024\\\/05\\\/pexels-artunchained-325229-2.webp\",\"width\":1280,\"height\":448},{\"@type\":\"BreadcrumbList\",\"@id\":\"https:\\\/\\\/xn--amlpitjcy-h4a.fr\\\/index.php\\\/la-protection-des-donnees\\\/#breadcrumb\",\"itemListElement\":[{\"@type\":\"ListItem\",\"position\":1,\"name\":\"Accueil\",\"item\":\"https:\\\/\\\/xn--amlpitjcy-h4a.fr\\\/\"},{\"@type\":\"ListItem\",\"position\":2,\"name\":\"Accompagnement sur la protection des donn\u00e9es, RGPD\"}]},{\"@type\":\"WebSite\",\"@id\":\"https:\\\/\\\/xn--amlpitjcy-h4a.fr\\\/#website\",\"url\":\"https:\\\/\\\/xn--amlpitjcy-h4a.fr\\\/\",\"name\":\"Amlpitj\u00e9cy\",\"description\":\"L&#039;intelligence, c&#039;est de pr\u00e9voir celle de l&#039;autre.\",\"publisher\":{\"@id\":\"https:\\\/\\\/xn--amlpitjcy-h4a.fr\\\/#organization\"},\"potentialAction\":[{\"@type\":\"SearchAction\",\"target\":{\"@type\":\"EntryPoint\",\"urlTemplate\":\"https:\\\/\\\/xn--amlpitjcy-h4a.fr\\\/?s={search_term_string}\"},\"query-input\":{\"@type\":\"PropertyValueSpecification\",\"valueRequired\":true,\"valueName\":\"search_term_string\"}}],\"inLanguage\":\"fr-FR\"},{\"@type\":\"Organization\",\"@id\":\"https:\\\/\\\/xn--amlpitjcy-h4a.fr\\\/#organization\",\"name\":\"Amlpitj\u00e9cy\",\"url\":\"https:\\\/\\\/xn--amlpitjcy-h4a.fr\\\/\",\"logo\":{\"@type\":\"ImageObject\",\"inLanguage\":\"fr-FR\",\"@id\":\"https:\\\/\\\/xn--amlpitjcy-h4a.fr\\\/#\\\/schema\\\/logo\\\/image\\\/\",\"url\":\"https:\\\/\\\/xn--amlpitjcy-h4a.fr\\\/wp-content\\\/uploads\\\/2024\\\/05\\\/Logo-with-color-background.webp\",\"contentUrl\":\"https:\\\/\\\/xn--amlpitjcy-h4a.fr\\\/wp-content\\\/uploads\\\/2024\\\/05\\\/Logo-with-color-background.webp\",\"width\":1320,\"height\":1000,\"caption\":\"Amlpitj\u00e9cy\"},\"image\":{\"@id\":\"https:\\\/\\\/xn--amlpitjcy-h4a.fr\\\/#\\\/schema\\\/logo\\\/image\\\/\"}}]}<\/script>\n<!-- \/ Yoast SEO plugin. -->","yoast_head_json":{"title":"Accompagnement sur la protection des donn\u00e9es, RGPD - Amlpitj\u00e9cy","description":"Amlpitj\u00e9cy vous acompagne dans la protection des donn\u00e9es. Prot\u00e9gez vos donn\u00e9es et appliquer les normes RGPD \u00e0 vous et vos clients.","robots":{"index":"index","follow":"follow","max-snippet":"max-snippet:-1","max-image-preview":"max-image-preview:large","max-video-preview":"max-video-preview:-1"},"canonical":"https:\/\/xn--amlpitjcy-h4a.fr\/index.php\/la-protection-des-donnees\/","og_locale":"fr_FR","og_type":"article","og_title":"Accompagnement sur la protection des donn\u00e9es, RGPD - Amlpitj\u00e9cy","og_description":"Amlpitj\u00e9cy vous acompagne dans la protection des donn\u00e9es. Prot\u00e9gez vos donn\u00e9es et appliquer les normes RGPD \u00e0 vous et vos clients.","og_url":"https:\/\/xn--amlpitjcy-h4a.fr\/index.php\/la-protection-des-donnees\/","og_site_name":"Amlpitj\u00e9cy","article_modified_time":"2024-08-07T06:51:36+00:00","og_image":[{"url":"https:\/\/xn--amlpitjcy-h4a.fr\/wp-content\/uploads\/2024\/05\/pexels-artunchained-325229-2-1024x358.webp","type":"","width":"","height":""}],"twitter_card":"summary_large_image","twitter_misc":{"Dur\u00e9e de lecture estim\u00e9e":"3 minutes"},"schema":{"@context":"https:\/\/schema.org","@graph":[{"@type":"WebPage","@id":"https:\/\/xn--amlpitjcy-h4a.fr\/index.php\/la-protection-des-donnees\/","url":"https:\/\/xn--amlpitjcy-h4a.fr\/index.php\/la-protection-des-donnees\/","name":"Accompagnement sur la protection des donn\u00e9es, RGPD - Amlpitj\u00e9cy","isPartOf":{"@id":"https:\/\/xn--amlpitjcy-h4a.fr\/#website"},"primaryImageOfPage":{"@id":"https:\/\/xn--amlpitjcy-h4a.fr\/index.php\/la-protection-des-donnees\/#primaryimage"},"image":{"@id":"https:\/\/xn--amlpitjcy-h4a.fr\/index.php\/la-protection-des-donnees\/#primaryimage"},"thumbnailUrl":"https:\/\/xn--amlpitjcy-h4a.fr\/wp-content\/uploads\/2024\/05\/pexels-artunchained-325229-2-1024x358.webp","datePublished":"2024-05-29T09:35:54+00:00","dateModified":"2024-08-07T06:51:36+00:00","description":"Amlpitj\u00e9cy vous acompagne dans la protection des donn\u00e9es. Prot\u00e9gez vos donn\u00e9es et appliquer les normes RGPD \u00e0 vous et vos clients.","breadcrumb":{"@id":"https:\/\/xn--amlpitjcy-h4a.fr\/index.php\/la-protection-des-donnees\/#breadcrumb"},"inLanguage":"fr-FR","potentialAction":[{"@type":"ReadAction","target":["https:\/\/xn--amlpitjcy-h4a.fr\/index.php\/la-protection-des-donnees\/"]}]},{"@type":"ImageObject","inLanguage":"fr-FR","@id":"https:\/\/xn--amlpitjcy-h4a.fr\/index.php\/la-protection-des-donnees\/#primaryimage","url":"https:\/\/xn--amlpitjcy-h4a.fr\/wp-content\/uploads\/2024\/05\/pexels-artunchained-325229-2.webp","contentUrl":"https:\/\/xn--amlpitjcy-h4a.fr\/wp-content\/uploads\/2024\/05\/pexels-artunchained-325229-2.webp","width":1280,"height":448},{"@type":"BreadcrumbList","@id":"https:\/\/xn--amlpitjcy-h4a.fr\/index.php\/la-protection-des-donnees\/#breadcrumb","itemListElement":[{"@type":"ListItem","position":1,"name":"Accueil","item":"https:\/\/xn--amlpitjcy-h4a.fr\/"},{"@type":"ListItem","position":2,"name":"Accompagnement sur la protection des donn\u00e9es, RGPD"}]},{"@type":"WebSite","@id":"https:\/\/xn--amlpitjcy-h4a.fr\/#website","url":"https:\/\/xn--amlpitjcy-h4a.fr\/","name":"Amlpitj\u00e9cy","description":"L&#039;intelligence, c&#039;est de pr\u00e9voir celle de l&#039;autre.","publisher":{"@id":"https:\/\/xn--amlpitjcy-h4a.fr\/#organization"},"potentialAction":[{"@type":"SearchAction","target":{"@type":"EntryPoint","urlTemplate":"https:\/\/xn--amlpitjcy-h4a.fr\/?s={search_term_string}"},"query-input":{"@type":"PropertyValueSpecification","valueRequired":true,"valueName":"search_term_string"}}],"inLanguage":"fr-FR"},{"@type":"Organization","@id":"https:\/\/xn--amlpitjcy-h4a.fr\/#organization","name":"Amlpitj\u00e9cy","url":"https:\/\/xn--amlpitjcy-h4a.fr\/","logo":{"@type":"ImageObject","inLanguage":"fr-FR","@id":"https:\/\/xn--amlpitjcy-h4a.fr\/#\/schema\/logo\/image\/","url":"https:\/\/xn--amlpitjcy-h4a.fr\/wp-content\/uploads\/2024\/05\/Logo-with-color-background.webp","contentUrl":"https:\/\/xn--amlpitjcy-h4a.fr\/wp-content\/uploads\/2024\/05\/Logo-with-color-background.webp","width":1320,"height":1000,"caption":"Amlpitj\u00e9cy"},"image":{"@id":"https:\/\/xn--amlpitjcy-h4a.fr\/#\/schema\/logo\/image\/"}}]}},"_links":{"self":[{"href":"https:\/\/xn--amlpitjcy-h4a.fr\/index.php\/wp-json\/wp\/v2\/pages\/10","targetHints":{"allow":["GET"]}}],"collection":[{"href":"https:\/\/xn--amlpitjcy-h4a.fr\/index.php\/wp-json\/wp\/v2\/pages"}],"about":[{"href":"https:\/\/xn--amlpitjcy-h4a.fr\/index.php\/wp-json\/wp\/v2\/types\/page"}],"author":[{"embeddable":true,"href":"https:\/\/xn--amlpitjcy-h4a.fr\/index.php\/wp-json\/wp\/v2\/users\/1"}],"replies":[{"embeddable":true,"href":"https:\/\/xn--amlpitjcy-h4a.fr\/index.php\/wp-json\/wp\/v2\/comments?post=10"}],"version-history":[{"count":12,"href":"https:\/\/xn--amlpitjcy-h4a.fr\/index.php\/wp-json\/wp\/v2\/pages\/10\/revisions"}],"predecessor-version":[{"id":155,"href":"https:\/\/xn--amlpitjcy-h4a.fr\/index.php\/wp-json\/wp\/v2\/pages\/10\/revisions\/155"}],"wp:attachment":[{"href":"https:\/\/xn--amlpitjcy-h4a.fr\/index.php\/wp-json\/wp\/v2\/media?parent=10"}],"curies":[{"name":"wp","href":"https:\/\/api.w.org\/{rel}","templated":true}]}}